{"id":426,"date":"2024-03-20T16:16:36","date_gmt":"2024-03-20T15:16:36","guid":{"rendered":"https:\/\/anantara.at\/?page_id=426"},"modified":"2026-02-20T10:26:29","modified_gmt":"2026-02-20T09:26:29","slug":"karriere","status":"publish","type":"page","link":"https:\/\/anantara.at\/de\/karriere\/","title":{"rendered":"Karriere"},"content":{"rendered":"<p>[vc_row css_animation=&#8220;fadeIn&#8220; el_class=&#8220;section&#8220;][vc_column width=&#8220;1\/6&#8243; offset=&#8220;vc_col-xs-12&#8243;][vc_single_image image=&#8220;667&#8243;][\/vc_column][vc_column width=&#8220;5\/6&#8243; offset=&#8220;vc_col-xs-12&#8243;][vc_column_text css_animation=&#8220;none&#8220; el_class=&#8220;mt50&#8243;]\u201eIch m\u00f6chte etwas ansprechen, das tief in den Wurzeln unseres Unternehmens liegt: die Kraft des Anfangs. Jeder und jede von uns hat einmal bei Null angefangen. Es ist m\u00f6glich, von Null aus zu starten und Au\u00dfergew\u00f6hnliches zu erreichen. Unsere Geschichte ist der Beweis daf\u00fcr. Wir haben aus dem Nichts heraus ein Unternehmen aufgebaut, Innovationen geschaffen und Ver\u00e4nderungen bewirkt. Doch dieser Weg war nie einfach. Er erforderte Mut, klare Ziele, Selbstdisziplin und Fokus.<\/p>\r\n<p style=\"font-weight: 400;\">Mut, um Risiken einzugehen und neue Wege zu beschreiten, auch wenn sie ungewiss erscheinen. Klare Ziele, um zu wissen, wohin wir wollen und was wir erreichen m\u00f6chten. Selbstdisziplin, um trotz Hindernissen und R\u00fcckschl\u00e4gen am Ball zu bleiben und unser Bestes zu geben. Und Fokus, um unsere Energie und Ressourcen auf das Wesentliche zu konzentrieren und uns nicht von unwichtigen Dingen ablenken zu lassen.<\/p>\r\n<p style=\"font-weight: 400;\">Ich m\u00f6chte alle ermutigen, an die Kraft des Anfangs zu glauben. Egal, ob man vor neuen Projekten steht, pers\u00f6nliche Ziele verfolgt oder gemeinsam als Team voranmarschiert &#8211; wir alle haben das Potenzial, Gro\u00dfartiges zu erreichen.<\/p>\r\n<p style=\"font-weight: 400;\">Gemeinsam k\u00f6nnen wir Unm\u00f6gliches erreichen.\u201c<\/p>\r\n<p>[\/vc_column_text][vc_column_text el_class=&#8220;pt30&#8243;]<\/p>\r\n<h4 style=\"font-weight: 400; text-align: right;\"><strong>\u017deljko Drmi\u0107, CEO<\/strong><\/h4>\r\n<p>[\/vc_column_text][\/vc_column][\/vc_row][vc_row css_animation=&#8220;fadeIn&#8220;][vc_column offset=&#8220;vc_col-lg-12 vc_col-xs-12&#8243;]<div class=\"heading-wrapper \"><p class=\"eyebrow\">01 Employer<\/p><h2>Karriere mit <br> Weitblick<\/h2><\/div>[vc_column_text css_animation=&#8220;none&#8220; el_class=&#8220;mt50&#8243;]Als Unternehmensgruppe im Bereich der Telekommunikation, IT-Dienstleistungen und Systemgastronomie sind wir in allen neun Bundesl\u00e4ndern vertreten und bieten eine Vielfalt an Karrierem\u00f6glichkeiten mit flachen Hierarchien.<\/p>\r\n<p>In unserem Karriereportal findest du unsere Stellenangebote f\u00fcr verschiedenste Einstiegsebenen mit Aufstiegschancen und Weiterbildungsm\u00f6glichkeiten, um die Zukunft gemeinsam zu gestalten.[\/vc_column_text]<a class=\"text-link \" href=\"#stellenangebote\" target=\"_self\">Zu den Stellenangeboten<i class=\"icon icon-arrow_right\"><\/i><\/a>[vc_empty_space height=&#8220;100px&#8220;][\/vc_column][vc_column width=&#8220;3\/4&#8243;][\/vc_column][vc_column width=&#8220;1\/4&#8243;][\/vc_column][\/vc_row][vc_row][vc_column width=&#8220;3\/4&#8243;][vc_tta_accordion section_title_tag=&#8220;p&#8220; shape=&#8220;square&#8220; color=&#8220;white&#8220; c_position=&#8220;right&#8220; active_section=&#8220;100&#8243; css_animation=&#8220;fadeIn&#8220; no_fill=&#8220;true&#8220; collapsible_all=&#8220;true&#8220; el_class=&#8220;more-pr&#8220;][vc_tta_section title=&#8220;Kommunikation auf Augenh\u00f6he&#8220; tab_id=&#8220;1702482272885-7f171ea2-aa62&#8243;][vc_row_inner][vc_column_inner width=&#8220;5\/6&#8243;][vc_column_text]Wir pflegen eine offene und herzliche Arbeitsatmosph\u00e4re, in der wir den pers\u00f6nlichen Austausch und eine offene Kommunikation auf Augenh\u00f6he f\u00f6rdern. Bei uns ist es egal, welche Position oder welchen akademischen Grad unsere Mitarbeiter*innen haben &#8211; wir schaffen ein Umfeld, in dem man sich gesch\u00e4tzt und geh\u00f6rt f\u00fchlt.[\/vc_column_text][\/vc_column_inner][\/vc_row_inner][\/vc_tta_section][vc_tta_section title=&#8220;F\u00fcreinander&#8220; tab_id=&#8220;1702482272943-e03fad67-ab4f&#8220;][vc_row_inner][vc_column_inner width=&#8220;5\/6&#8243;][vc_column_text]Wir sind fest davon \u00fcberzeugt, dass ein respektvoller Umgang die Basis f\u00fcr ein angenehmes Arbeitsklima ist. Bei der ANANTARA Gruppe wird man unabh\u00e4ngig von Herkunft, Alter und Geschlecht wertgesch\u00e4tzt.[\/vc_column_text][\/vc_column_inner][\/vc_row_inner][\/vc_tta_section][vc_tta_section title=&#8220;Miteinander&#8220; tab_id=&#8220;1702482273000-e4ac7e7f-e763&#8243;][vc_row_inner][vc_column_inner width=&#8220;5\/6&#8243;][vc_column_text]Auch die interne Kommunikation wird bei uns gef\u00f6rdert \u2013 wir unterst\u00fctzen unsere Mitarbeiter*innen und bringen diese zusammen. Dadurch f\u00fchlt man sich als Teil einer Gemeinschaft.[\/vc_column_text][\/vc_column_inner][\/vc_row_inner][\/vc_tta_section][vc_tta_section title=&#8220;Karriere&#8220; tab_id=&#8220;1702482273067-56085019-1ac1&#8243;][vc_row_inner][vc_column_inner width=&#8220;5\/6&#8243;][vc_column_text]<\/p>\r\n<p style=\"font-weight: 400;\">Wir haben immer ein offenes Ohr f\u00fcr die Karrierew\u00fcnsche unserer Mitarbeiter*innen. Durch Mitarbeitergespr\u00e4che setzen wir uns gemeinsam Ziele, um die Mitarbeiter*innen zu f\u00f6rdern und Aufstiegsm\u00f6glichkeiten aufzuzeigen.<\/p>\r\n<p style=\"font-weight: 400;\">Jedes Jahr w\u00e4hlen wir gezielt Mitarbeiter*innen aus, welche im Zuge eines Nachwuchsprogrammes F\u00e4higkeiten erlernen, die sie sp\u00e4ter als F\u00fchrungskr\u00e4fte einsetzen k\u00f6nnen. So unterst\u00fctzen wir heute schon unsere F\u00fchrungskr\u00e4fte von morgen und k\u00f6nnen gemeinsam wachsen.<\/p>\r\n<p>[\/vc_column_text][\/vc_column_inner][\/vc_row_inner][\/vc_tta_section][vc_tta_section title=&#8220;Benefits&#8220; tab_id=&#8220;1702482273127-df3fe084-ff75&#8243;][vc_row_inner][vc_column_inner width=&#8220;5\/6&#8243;][vc_column_text]<\/p>\r\n<ul>\r\n<li>modernes B\u00fcro mit guter \u00f6ffentlicher Anbindung<\/li>\r\n<li>eine breite Palette an Mitarbeiterrabatten (Sport, Mode, usw.)<\/li>\r\n<li>flexible Arbeitszeitmodelle &#8211; angepasst an die M\u00f6glichkeiten der jeweiligen Position (Gleitzeit, Home-Office, etc.)<\/li>\r\n<li>moderne Arbeitsger\u00e4te &#8211; auch zur privaten Nutzung<\/li>\r\n<li>E-Fahrzeuge zur betrieblichen Nutzung in der ANANTARA Zentrale<\/li>\r\n<\/ul>\r\n<p>[\/vc_column_text][\/vc_column_inner][\/vc_row_inner][\/vc_tta_section][\/vc_tta_accordion][\/vc_column][vc_column width=&#8220;1\/4&#8243;][vc_single_image image=&#8220;498&#8243; alignment=&#8220;right&#8220;][vc_single_image image=&#8220;627&#8243; alignment=&#8220;right&#8220;][\/vc_column][\/vc_row][vc_row css_animation=&#8220;fadeIn&#8220; el_class=&#8220;section&#8220;][vc_column offset=&#8220;vc_col-lg-5 vc_col-xs-12&#8243;]<div class=\"heading-wrapper \"><p class=\"eyebrow\">02 Recruting Prozess<\/p><h2>Werde Teil<br>des Teams<\/h2><\/div>[\/vc_column][vc_column offset=&#8220;vc_col-lg-7 vc_col-xs-12&#8243;][vc_tta_accordion section_title_tag=&#8220;p&#8220; shape=&#8220;square&#8220; color=&#8220;white&#8220; c_position=&#8220;right&#8220; active_section=&#8220;100&#8243; css_animation=&#8220;fadeIn&#8220; no_fill=&#8220;true&#8220; collapsible_all=&#8220;true&#8220; el_class=&#8220;more-pr smaller-p&#8220;][vc_tta_section title=&#8220;1. Online Bewerbung&#8220; tab_id=&#8220;1698226024523-d747ab64-5b81&#8243; el_class=&#8220;no-br-xs&#8220;][vc_row_inner][vc_column_inner width=&#8220;5\/6&#8243;][vc_column_text]Die Bewerbung f\u00fcr jede unserer Stellen erfolgt einfach und direkt \u00fcber unser Bewerbungsportal. Um die Bewerbungsunterlagen richtig einzuordnen, ben\u00f6tigen wir folgenden Dokumente: Lebenslauf (CV), Anschreiben und Kontaktdaten<\/p>\r\n<p><strong>F\u00fcr Lehrlinge<\/strong> veranstalten wir gerne einen Lehrlingstag, an dem ein kleiner Lehrlingstest stattfindet.\u00a0 Im Zuge dieses Lehrlingstest k\u00f6nnen die Bewerber*innen ihr Wissen und ihre F\u00e4higkeiten unter Beweis stellen. Es werden folgende Themenbereiche abgefragt: kaufm\u00e4nnische F\u00e4cher, Deutsch, Englisch und Allgemeinwissen.[\/vc_column_text][\/vc_column_inner][\/vc_row_inner][\/vc_tta_section][vc_tta_section title=&#8220;2. Bewerbungsgespr\u00e4ch&#8220; tab_id=&#8220;1698226024562-314b1f40-c8ff&#8220;][vc_row_inner][vc_column_inner width=&#8220;5\/6&#8243;][vc_column_text]Wenn das Profil unseren Anforderungen entspricht, dann laden wir zu einem Bewerbungsgespr\u00e4ch ein, um die Bewerber*innen n\u00e4her kennenzulernen und die Chance zu bieten, mehr \u00fcber die offene Stelle zu erfahren. Dieses Bewerbungsgespr\u00e4ch kann sowohl als Videogespr\u00e4ch, als auch als pers\u00f6nliches Gespr\u00e4ch erfolgen und dauert ca. 30-60 Minuten.[\/vc_column_text][\/vc_column_inner][\/vc_row_inner][\/vc_tta_section][vc_tta_section title=&#8220;3. Schnuppertag&#8220; tab_id=&#8220;1698226024607-53eeb0a5-ba19&#8243;][vc_row_inner][vc_column_inner width=&#8220;5\/6&#8243;][vc_column_text]Nach einem erfolgreichen Bewerbungsgespr\u00e4ch laden wir die Bewerber*innen gerne zu einem Schnuppertag ein. So k\u00f6nnen Bewerber*innen nicht nur die Aufgaben, sondern auch das zuk\u00fcnftige Team und den Arbeitsplatz kennenlernen.[\/vc_column_text][\/vc_column_inner][\/vc_row_inner][\/vc_tta_section][vc_tta_section title=&#8220;4. Zusage&#8220; tab_id=&#8220;1698226024641-dbf2bfae-6237&#8243;][vc_row_inner][vc_column_inner width=&#8220;5\/6&#8243;][vc_column_text]Wenn nach dem Durchlaufen des Bewerbungsprozesses eine passende \u00dcbereinstimmung gefunden wird, beginnt man seine berufliche Reise mit der ANANTARA Gruppe.[\/vc_column_text][\/vc_column_inner][\/vc_row_inner][\/vc_tta_section][\/vc_tta_accordion][\/vc_column][\/vc_row][vc_row content_placement=&#8220;middle&#8220; css_animation=&#8220;fadeIn&#8220;][vc_column width=&#8220;1\/3&#8243; offset=&#8220;vc_col-lg-5&#8243; el_class=&#8220;vc_col-lg-push-7&#8243;][vc_single_image image=&#8220;511&#8243; img_size=&#8220;640&#215;427&#8243; css_animation=&#8220;fadeIn&#8220;][vc_single_image image=&#8220;632&#8243; img_size=&#8220;large&#8220; css_animation=&#8220;fadeIn&#8220;][\/vc_column][vc_column width=&#8220;2\/3&#8243; offset=&#8220;vc_col-lg-6&#8243; el_class=&#8220;vc_col-lg-pull-5&#8243;]<div class=\"heading-wrapper \"><p class=\"eyebrow\">03 Einstiegstufen<\/p><h2>Dein Einstieg <br> bei uns<\/h2><\/div>[vc_tta_accordion section_title_tag=&#8220;p&#8220; shape=&#8220;square&#8220; color=&#8220;white&#8220; c_position=&#8220;right&#8220; active_section=&#8220;100&#8243; css_animation=&#8220;fadeIn&#8220; no_fill=&#8220;true&#8220; collapsible_all=&#8220;true&#8220; el_class=&#8220;more-pr smaller-p&#8220;][vc_tta_section title=&#8220;Lehrling&#8220; tab_id=&#8220;1697035963139-15ff9d27-2fa6&#8243;][vc_row_inner][vc_column_inner width=&#8220;5\/6&#8243;][vc_column_text]<\/p>\r\n<p style=\"font-weight: 400;\">Lehrlinge erhalten bei uns eine fundierte Ausbildung und die Chance wertvolle, praktische Erfahrungen zu sammeln, die den weiteren beruflichen Weg pr\u00e4gen.<\/p>\r\n<p>[\/vc_column_text]<a class=\"text-link \" href=\"#stellenangebote\" target=\"_self\">Zu den Stellenangeboten<i class=\"icon icon-arrow_right\"><\/i><\/a>[\/vc_column_inner][vc_column_inner width=&#8220;1\/6&#8243;][\/vc_column_inner][\/vc_row_inner][\/vc_tta_section][vc_tta_section title=&#8220;Erwachsene in arbeitsplatznaher Qualifizierung&#8220; tab_id=&#8220;1697035963209-927d56ad-34c6&#8243; el_class=&#8220;no-br-xl&#8220;][vc_row_inner][vc_column_inner width=&#8220;5\/6&#8243;][vc_column_text]Erwachsene haben die M\u00f6glichkeit mit einer arbeitsplatznahen Qualifizierung eine verk\u00fcrzte Lehre bei uns zu absolvieren. Damit helfen wir, den beruflichen Einstieg zu erleichtern.<\/p>\r\n<p>Bei Interesse kontaktieren wir gerne gemeinsam unseren AQUA-Partner.[\/vc_column_text]<a class=\"text-link \" href=\"mailto:bewerben@anantara.at\" target=\"_self\">Kontakt aufnehmen<i class=\"icon icon-arrow_right\"><\/i><\/a>[\/vc_column_inner][vc_column_inner width=&#8220;1\/6&#8243;][\/vc_column_inner][\/vc_row_inner][\/vc_tta_section][vc_tta_section title=&#8220;Berufseinsteiger*in&#8220; tab_id=&#8220;1697035963280-b3645875-f63d&#8220;][vc_row_inner][vc_column_inner width=&#8220;5\/6&#8243;][vc_column_text]<\/p>\r\n<p style=\"font-weight: 400;\">Wir sch\u00e4tzen den innovativen Blick und die frischen Ideen von Berufseinsteiger*innen. Bei uns kann man sein erworbenes Wissen und seine F\u00e4higkeiten einbringen und gemeinsam mit uns weiterwachsen. Bei der ANANTARA Gruppe kann man auch schon w\u00e4hrend des Studiums einsteigen.<\/p>\r\n<p>[\/vc_column_text]<a class=\"text-link \" href=\"#stellenangebote\" target=\"_self\">Zu den Stellenangeboten<i class=\"icon icon-arrow_right\"><\/i><\/a>[\/vc_column_inner][vc_column_inner width=&#8220;1\/6&#8243;][\/vc_column_inner][\/vc_row_inner][\/vc_tta_section][vc_tta_section title=&#8220;Fachkraft&#8220; tab_id=&#8220;1697035963357-9a1d0d77-78f6&#8243;][vc_row_inner][vc_column_inner width=&#8220;5\/6&#8243;][vc_column_text]<\/p>\r\n<p style=\"font-weight: 400;\">Als Fachkraft k\u00f6nnen Expertise und Fachwissen optimal eingebracht werden. Wir suchen Menschen mit Ideen und Gestaltungsfreude, die mit uns gemeinsam neue Wege beschreiten. Wir bieten eine breite Palette an unterschiedlichen Berufen: kaufm\u00e4nnisch, technisch, Logistik, Finanzen, IT und vieles mehr.<\/p>\r\n<p>[\/vc_column_text]<a class=\"text-link \" href=\"#stellenangebote\" target=\"_self\">Zu den Stellenangeboten<i class=\"icon icon-arrow_right\"><\/i><\/a>[\/vc_column_inner][vc_column_inner width=&#8220;1\/6&#8243;][\/vc_column_inner][\/vc_row_inner][\/vc_tta_section][vc_tta_section title=&#8220;F\u00fchrungskraft&#8220; tab_id=&#8220;1697035963433-23dc753a-7adc&#8220;][vc_row_inner][vc_column_inner width=&#8220;5\/6&#8243;][vc_column_text]<\/p>\r\n<p style=\"font-weight: 400;\">F\u00fchrungskr\u00e4fte k\u00f6nnen bei ihrem Einstieg in der ANANTARA Gruppe ihre vorhandenen Erfahrungen einbringen und neue Perspektiven aufzeigen. Wir freuen uns besonders, wenn F\u00fchrungskr\u00e4fte frischen Wind mitbringen und neue Ideen inspirieren.<\/p>\r\n<p>[\/vc_column_text]<a class=\"text-link \" href=\"#stellenangebote\" target=\"_self\">Zu den Stellenangeboten<i class=\"icon icon-arrow_right\"><\/i><\/a>[\/vc_column_inner][vc_column_inner width=&#8220;1\/6&#8243;][\/vc_column_inner][\/vc_row_inner][\/vc_tta_section][\/vc_tta_accordion][\/vc_column][\/vc_row][vc_row el_class=&#8220;mt100&#8243;][vc_column]<div class=\"heading-wrapper \"><p class=\"eyebrow\">04 Interviews<\/p><h2>Mitarbeiter*innen<br>kommen zu Wort<\/h2><\/div>[\/vc_column][\/vc_row][vc_row el_id=&#8220;interview-slider&#8220;][vc_column][vc_column_text el_class=&#8220;hl-gold&#8220;]<\/p>\r\n<h3>Stefan Albl<\/h3>\r\n<p>Head of Controlling<br \/>\r\nim Unternehmen seit 2022[\/vc_column_text][vc_tta_accordion section_title_tag=&#8220;p&#8220; shape=&#8220;square&#8220; color=&#8220;white&#8220; c_position=&#8220;right&#8220; active_section=&#8220;100&#8243; css_animation=&#8220;fadeIn&#8220; no_fill=&#8220;true&#8220; collapsible_all=&#8220;true&#8220; el_class=&#8220;more-pr smaller-p smaller-hl&#8220;][vc_tta_section title=&#8220;Was sind deine Hauptaufgaben im Unternehmen? Wie w\u00fcrdest du deinen Job beschreiben?&#8220; tab_id=&#8220;1720697204566-b6769f2b-4c9d&#8220; el_class=&#8220;small-text&#8220;][vc_row_inner][vc_column_inner width=&#8220;5\/6&#8243;][vc_column_text]Meine Hauptaufgaben umfassen die Leitung des Teams und die inhaltliche Arbeit im Bereich Controlling. Das beinhaltet die Planung, Steuerung und Kontrolle verschiedener Unternehmensbereiche. In unserem Kontext bedeutet Controlling die Analyse der wirtschaftlichen Situation des Unternehmens. Wir liefern der Gesch\u00e4ftsfu\u0308hrung Zahlen, Fakten und Verbesserungspotenziale, um fundierte Entscheidungen zu treffen und das Unternehmen effektiv zu unterstu\u0308tzen.[\/vc_column_text][\/vc_column_inner][\/vc_row_inner][\/vc_tta_section][vc_tta_section title=&#8220;Was macht dir Spa\u00df? Warum arbeitest du gerne hier? Was ist das Spannendste an deinem Job?&#8220; tab_id=&#8220;1720697204608-2cda53ba-7400&#8243;][vc_row_inner][vc_column_inner width=&#8220;5\/6&#8243;][vc_column_text]Mir macht es Spa\u00df nach M\u00f6glichkeiten zu suchen, Arbeitsschritte zu optimieren, um die Wirtschaftlichkeit zu verbessern. Die Analyse und Verbesserung von Prozessen sind besonders reizvoll fu\u0308r mich. Nach der Prozessanalyse finde ich es spannend, neue Prozesse zu implementieren und zu u\u0308berpru\u0308fen, ob die angestrebten Ziele erreicht werden. Es ist faszinierend zu sehen, ob der eingeschlagene Weg zum gewu\u0308nschten Ergebnis fu\u0308hrt, denn es gibt nicht nur einen Weg, um ein Ziel zu erreichen. Der Prozess, aus dem Chaos eine Struktur zu formen, ist ebenfalls eine Herausforderung, die mir Freude bereitet.[\/vc_column_text][\/vc_column_inner][\/vc_row_inner][\/vc_tta_section][vc_tta_section title=&#8220;Welche Eigenschaften musst du f\u00fcr diesen Job mitbringen? Was m\u00f6chtest du Bewerber*innen auf den Weg geben?&#8220; tab_id=&#8220;1720697204660-adacb8b1-f229&#8243; el_class=&#8220;no-br-xs&#8220;][vc_row_inner][vc_column_inner width=&#8220;5\/6&#8243;][vc_column_text]Controlling bietet ein \u00e4u\u00dferst spannendes Arbeitsfeld, das sowohl analytische F\u00e4higkeiten als auch Kreativit\u00e4t erfordert, um das Unternehmen voranzubringen. Geduld und Durchhalteverm\u00f6gen sind wichtige Eigenschaften, da es Zeit braucht, um komplexe Prozesse zu verstehen. Eine positive Einstellung und ein freundliches Gem\u00fct sind im Team unerl\u00e4sslich, da sie die Arbeitsatmosph\u00e4re ma\u00dfgeblich beeinflussen. Fachliche Schw\u00e4chen k\u00f6nnen mit Willen und Engagement ausgeglichen werden, eine positive Einstellung bereichert das Team und tr\u00e4gt zu einem harmonischen Arbeitsumfeld bei.[\/vc_column_text][\/vc_column_inner][\/vc_row_inner][\/vc_tta_section][\/vc_tta_accordion][\/vc_column][vc_column][vc_column_text el_class=&#8220;hl-gold&#8220;]<\/p>\r\n<h3>Nela Marjanovic<\/h3>\r\n<p>Front Office Allrounderin<br \/>\r\nim Unternehmen seit 2020[\/vc_column_text][vc_tta_accordion section_title_tag=&#8220;p&#8220; shape=&#8220;square&#8220; color=&#8220;white&#8220; c_position=&#8220;right&#8220; active_section=&#8220;100&#8243; css_animation=&#8220;fadeIn&#8220; no_fill=&#8220;true&#8220; collapsible_all=&#8220;true&#8220; el_class=&#8220;more-pr smaller-p smaller-hl&#8220;][vc_tta_section title=&#8220;Was sind deine Hauptaufgaben im Unternehmen? Wie w\u00fcrdest du deinen Job beschreiben?&#8220; tab_id=&#8220;1720697204737-a097b7f1-cdea&#8220; el_class=&#8220;small-text&#8220;][vc_row_inner][vc_column_inner width=&#8220;5\/6&#8243;][vc_column_text]<\/p>\r\n<p style=\"font-weight: 400;\">Als Front Office Allrounderin bestehen meine Hauptaufgaben darin, dass ich den ersten Kontakt mit unseren Kund*innen oder Gesch\u00e4ftspartner*innen habe. Sowohl pers\u00f6nlich, per Telefon oder per E-Mail. Zudem ist es wichtig, diese zu bewirten und die Meetingr\u00e4ume stets sauber und ordentlich zu halten. Ich bin jedoch nicht nur die Ansprechperson f\u00fcr externe Partner*innen und Kund*innen, sondern auch f\u00fcr interne Kolleg*innen. Ich betreue den internen Einkauf f\u00fcr jegliche Arten von B\u00fcroartikel. Au\u00dferdem bin ich im st\u00e4ndigen Kontakt mit unseren Shops, sollten diese Probleme beim Bestellen \u00fcber unsere Accounts haben. Meine Rolle hat viele Facetten wie Customer Care, Einkauf und Front Office Mitarbeiterin.<\/p>\r\n<p>[\/vc_column_text][\/vc_column_inner][\/vc_row_inner][\/vc_tta_section][vc_tta_section title=&#8220;Was macht dir Spa\u00df? Warum arbeitest du gerne hier? Was ist das Spannendste an deinem Job?&#8220; tab_id=&#8220;1720697204782-385971c9-922f&#8220;][vc_row_inner][vc_column_inner width=&#8220;5\/6&#8243;][vc_column_text]<\/p>\r\n<p style=\"font-weight: 400;\">Mir macht die Abwechslung in meiner Arbeit Spa\u00df. Jeder Tag bringt neue Herausforderungen mit sich, sei es der Kontakt mit Kolleg*innen oder Kundenanfragen. Das positive Arbeitsklima und die M\u00f6glichkeit, Verbesserungsvorschl\u00e4ge einzubringen und umzusetzen, motivieren mich zus\u00e4tzlich. Es ist spannend, dass meine Arbeit nicht von Monotonie gepr\u00e4gt ist, sondern t\u00e4glich neue Aspekte mit sich bringt.<\/p>\r\n<p style=\"font-weight: 400;\">Was mir sehr gut der ANANTARA Gruppe gef\u00e4llt, ist das Arbeitsklima. Ich bin t\u00e4glich von netten und freundlichen Kolleg*innen umgeben. Verbesserungsm\u00f6glichkeiten werden angeh\u00f6rt und auch umgesetzt. Deshalb finde ich es super, dass jede Stimme in unserem Unternehmen z\u00e4hlt und auch geh\u00f6rt wird.<\/p>\r\n<p>[\/vc_column_text][\/vc_column_inner][\/vc_row_inner][\/vc_tta_section][vc_tta_section title=&#8220;Welche Eigenschaften musst du f\u00fcr diesen Job mitbringen? Was m\u00f6chtest du Bewerber*innen auf den Weg geben?&#8220; tab_id=&#8220;1720697204829-53d47f78-1244&#8243; el_class=&#8220;no-br-xs&#8220;][vc_row_inner][vc_column_inner width=&#8220;5\/6&#8243;][vc_column_text]<\/p>\r\n<p style=\"font-weight: 400;\">Ich w\u00fcrde Bewerber*innen raten, nicht gleich am Anfang aufzugeben. Einfach geduldig sein und nicht gleich in den ersten Tagen oder Wochen das Handtuch zu werfen. Sollte es schwierig sein oder Probleme geben, diese stets offen ansprechen, denn man wird hier geh\u00f6rt. Es ist eine t\u00e4gliche Entwicklung und man sollte zumindest die Probezeit abwarten und sich dann ein Bild vom Unternehmen machen.<\/p>\r\n<p>[\/vc_column_text][\/vc_column_inner][\/vc_row_inner][\/vc_tta_section][\/vc_tta_accordion][\/vc_column][vc_column][vc_column_text el_class=&#8220;hl-gold&#8220;]<\/p>\r\n<h3>Alireza Ghane<\/h3>\r\n<p>IT-Lehrling<br \/>\r\nim Unternehmen seit 2023[\/vc_column_text][vc_tta_accordion section_title_tag=&#8220;p&#8220; shape=&#8220;square&#8220; color=&#8220;white&#8220; c_position=&#8220;right&#8220; active_section=&#8220;100&#8243; css_animation=&#8220;fadeIn&#8220; no_fill=&#8220;true&#8220; collapsible_all=&#8220;true&#8220; el_class=&#8220;more-pr smaller-p smaller-hl&#8220;][vc_tta_section title=&#8220;Was sind deine Hauptaufgaben im Unternehmen? Wie w\u00fcrdest du deinen Job beschreiben?&#8220; tab_id=&#8220;1720697204909-79ac8753-193c&#8220; el_class=&#8220;small-text&#8220;][vc_row_inner][vc_column_inner width=&#8220;5\/6&#8243;][vc_column_text]Als IT-Lehrling in unserem Unternehmen \u00fcbernehme ich die Verantwortung f\u00fcr das EDV-Lager, einschlie\u00dflich der \u00dcberwachung eingehender Lieferungen und der Bestellung ben\u00f6tigter Ger\u00e4te. Meine Aufgaben umfassen auch die Vorbereitung von IT-Ger\u00e4ten und die Bereitstellung von IT-Support auf Level 1 und 2, was die Behebung von Problemen beinhaltet, wenn ein Ger\u00e4t nicht funktioniert oder etwas fehlt. [\/vc_column_text][\/vc_column_inner][\/vc_row_inner][\/vc_tta_section][vc_tta_section title=&#8220;Was macht dir Spa\u00df? Warum arbeitest du gerne hier? Was ist das Spannendste an deinem Job?&#8220; tab_id=&#8220;1720697204967-39386e35-1ded&#8220;][vc_row_inner][vc_column_inner width=&#8220;5\/6&#8243;][vc_column_text]<\/p>\r\n<p style=\"font-weight: 400;\">Mir macht es besonders Spa\u00df, hier zu arbeiten, weil ich die M\u00f6glichkeit habe, kontinuierlich Neues zu lernen, insbesondere im Umgang mit verschiedenen Ger\u00e4ten und Technologien. Die Arbeit hier macht es m\u00f6glich, meine F\u00e4higkeiten im Umgang mit Hardware zu verbessern und sie optimal zu nutzen. Ich genie\u00dfe es auch, mit anderen zu kommunizieren und ihnen bei der Einrichtung ihrer Ger\u00e4te zu helfen. Besonders spannend finde ich es, Ger\u00e4te wie MacBooks vorzubereiten, Zug\u00e4nge einzurichten, Drucker zu installieren und sicherzustellen, dass alles reibungslos funktioniert und den Bed\u00fcrfnissen der Mitarbeiter*innen entspricht.<\/p>\r\n<p>[\/vc_column_text][\/vc_column_inner][\/vc_row_inner][\/vc_tta_section][vc_tta_section title=&#8220;Welche Eigenschaften musst du f\u00fcr diesen Job mitbringen? Was m\u00f6chtest du Bewerber*innen auf den Weg geben?&#8220; tab_id=&#8220;1720697205016-90a7d1d1-97ba&#8220; el_class=&#8220;no-br-xs&#8220;][vc_row_inner][vc_column_inner width=&#8220;5\/6&#8243;][vc_column_text]<\/p>\r\n<p style=\"font-weight: 400;\">F\u00fcr diese Lehre ist es wichtig, ein solides Verst\u00e4ndnis f\u00fcr digitale Technologien mitzubringen und ein pers\u00f6nliches Interesse an diesem Bereich zu haben, da sich Technologie st\u00e4ndig weiterentwickelt. Eine hohe Lernbereitschaft ist wichtig, um mit den neuesten Entwicklungen Schritt zu halten und sich kontinuierlich weiterzubilden. Zudem sind ausgepr\u00e4gte Organisationsf\u00e4higkeiten erforderlich, um den Arbeitsablauf effizient zu gestalten und Priorit\u00e4ten zu setzen. Gute Kommunikationsf\u00e4higkeiten sind wichtig, um mit Kolleg*innen und anderen Abteilungen effektiv zu kommunizieren und technische Informationen verst\u00e4ndlich zu vermitteln. Dar\u00fcber hinaus sind starke Probleml\u00f6sungsf\u00e4higkeiten entscheidend, um auftretende IT-Probleme schnell und effektiv zu l\u00f6sen.<\/p>\r\n<p>[\/vc_column_text][\/vc_column_inner][\/vc_row_inner][\/vc_tta_section][\/vc_tta_accordion][\/vc_column][\/vc_row][vc_row css_animation=&#8220;fadeIn&#8220; el_class=&#8220;section&#8220; el_id=&#8220;stellenangebote&#8220;][vc_column offset=&#8220;vc_col-lg-8 vc_col-md-10&#8243;]<div class=\"heading-wrapper \"><p class=\"eyebrow\">05 Jobs<\/p><h2>Stellenangebote<\/h2><\/div>[vc_raw_html]JTIwJTIwJTIwJTIwJTIwJTIwJTNDZGl2JTIwaWQlM0QlMjJyZWNydWl0ZWUtY2FyZWVycyUyMiUzRSUzQyUyRmRpdiUzRSUwQSUyMCUyMCUyMCUyMCUyMCUyMCUzQ3NjcmlwdCUyMHR5cGUlM0QlMjJ0ZXh0JTJGamF2YXNjcmlwdCUyMiUyMHNyYyUzRCUyMmh0dHBzJTNBJTJGJTJGZDEwem1pbnAxY3l0YTguY2xvdWRmcm9udC5uZXQlMkZ3aWRnZXQuanMlMjIlM0UlM0MlMkZzY3JpcHQlM0UlMEElMjAlMjAlMjAlMjAlMjAlMjAlM0NzY3JpcHQlMjB0eXBlJTNEJTIydGV4dCUyRmphdmFzY3JpcHQlMjIlM0UlMEElMjAlMjAlMjAlMjAlMjAlMjAlMjAlMjB2YXIlMjB3aWRnZXQlMjAlM0QlMjBuZXclMjBSVFdpZGdldCUyOCU3QiUyMCUwQSUyMCUyMmNvbXBhbmllcyUyMiUzQSUyMCU1QiUwQSUyMCUyMCUyMDc2OTY3JTBBJTIwJTVEJTJDJTBBJTIwJTIyZGV0YWlsc01vZGUlMjIlM0ElMjAlMjJwb3B1cCUyMiUyQyUwQSUyMCUyMmxhbmd1YWdlJTIyJTNBJTIwJTIyZGUlMjIlMkMlMEElMjAlMjJ0aGVtZVZhcnMlMjIlM0ElMjAlN0IlMEElMjAlMjAlMjAlMjJwcmltYXJ5JTIyJTNBJTIwJTIyJTIzMDAwJTIyJTJDJTBBJTIwJTIwJTIwJTIyc2Vjb25kYXJ5JTIyJTNBJTIwJTIyJTIzMDAwJTIyJTJDJTBBJTIwJTIwJTIwJTIydGV4dCUyMiUzQSUyMCUyMiUyMzAwMCUyMiUyQyUwQSUyMCUyMCUyMCUyMnRleHREYXJrJTIyJTNBJTIwJTIyJTIzMDAwJTIyJTJDJTBBJTIwJTIwJTIwJTIyZm9udEZhbWlseSUyMiUzQSUyMCUyMnJvYm90byUyQ3NhbnMtc2VyaWYlMkMlMjBzYW5zLXNlcmlmJTNCJTIyJTJDJTBBJTIwJTIwJTIwJTIyYmFzZUZvbnRTaXplJTIyJTNBJTIwJTIyMTZweCUyMiUwQSUyMCU3RCUyQyUwQSUyMCUyMmZsYWdzJTIyJTNBJTIwJTdCJTBBJTIwJTIwJTIwJTIyc2hvd0xvY2F0aW9uJTIyJTNBJTIwdHJ1ZSUyQyUwQSUyMCUyMCUyMCUyMnNob3dDb3VudHJ5JTIyJTNBJTIwdHJ1ZSUyQyUwQSUyMCUyMCUyMCUyMnNob3dDaXR5JTIyJTNBJTIwdHJ1ZSUyQyUwQSUyMCUyMCUyMCUyMmdyb3VwQnlMb2NhdGlvbiUyMiUzQSUyMGZhbHNlJTJDJTBBJTIwJTIwJTIwJTIyZ3JvdXBCeURlcGFydG1lbnQlMjIlM0ElMjB0cnVlJTJDJTBBJTIwJTIwJTIwJTIyZ3JvdXBCeUNvbXBhbnklMjIlM0ElMjBmYWxzZSUwQSUyMCU3RCUwQSUyMCU3RCUyOSUzQiUwQSUzQyUyRnNjcmlwdCUzRSUwQSUyMCUyMCUyMCUyMCUyMCUyMCUwQSUyMCUyMCUyMCUyMCUyMCUyMA==[\/vc_raw_html][\/vc_column][\/vc_row]<\/p>\r\n","protected":false},"excerpt":{"rendered":"<p>[vc_row css_animation=&#8220;fadeIn&#8220; el_class=&#8220;section&#8220;][vc_column width=&#8220;1\/6&#8243; offset=&#8220;vc_col-xs-12&#8243;][vc_single_image image=&#8220;667&#8243;][\/vc_column][vc_column width=&#8220;5\/6&#8243; offset=&#8220;vc_col-xs-12&#8243;][vc_column_text css_animation=&#8220;none&#8220; el_class=&#8220;mt50&#8243;]\u201eIch m\u00f6chte etwas ansprechen, das tief in den Wurzeln unseres Unternehmens liegt: die Kraft des Anfangs. Jeder und jede von uns hat einmal bei Null angefangen. Es ist m\u00f6glich, von Null aus zu starten und Au\u00dfergew\u00f6hnliches zu erreichen. Unsere Geschichte ist der Beweis daf\u00fcr. Wir haben [&hellip;]<\/p>\n","protected":false},"author":4,"featured_media":0,"parent":0,"menu_order":0,"comment_status":"closed","ping_status":"closed","template":"","meta":{"footnotes":""},"class_list":["post-426","page","type-page","status-publish","hentry"],"yoast_head":"<!-- This site is optimized with the Yoast SEO plugin v27.0 - https:\/\/yoast.com\/product\/yoast-seo-wordpress\/ -->\n<title>Karriere | ANANTARA Holding - Digital, mutig, zukunftsweisend<\/title>\n<meta name=\"description\" content=\"Unter dem Dach der ANANTARA Holding GmbH mit Sitz in Wien befinden sich mehrere mittelst\u00e4ndische Unternehmen.\" \/>\n<meta name=\"robots\" content=\"index, follow, max-snippet:-1, max-image-preview:large, max-video-preview:-1\" \/>\n<link rel=\"canonical\" href=\"https:\/\/anantara.at\/de\/karriere\/\" \/>\n<meta property=\"og:locale\" content=\"de_DE\" \/>\n<meta property=\"og:type\" content=\"article\" \/>\n<meta property=\"og:title\" content=\"Karriere | ANANTARA Holding - Digital, mutig, zukunftsweisend\" \/>\n<meta property=\"og:description\" content=\"Unter dem Dach der ANANTARA Holding GmbH mit Sitz in Wien befinden sich mehrere mittelst\u00e4ndische Unternehmen.\" \/>\n<meta property=\"og:url\" content=\"https:\/\/anantara.at\/de\/karriere\/\" \/>\n<meta property=\"og:site_name\" content=\"ANANTARA Holding\" \/>\n<meta property=\"article:modified_time\" content=\"2026-02-20T09:26:29+00:00\" \/>\n<meta name=\"twitter:card\" content=\"summary_large_image\" \/>\n<meta name=\"twitter:label1\" content=\"Gesch\u00e4tzte Lesezeit\" \/>\n\t<meta name=\"twitter:data1\" content=\"12\u00a0Minuten\" \/>\n<script type=\"application\/ld+json\" class=\"yoast-schema-graph\">{\"@context\":\"https:\/\/schema.org\",\"@graph\":[{\"@type\":\"WebPage\",\"@id\":\"https:\/\/anantara.at\/de\/karriere\/\",\"url\":\"https:\/\/anantara.at\/de\/karriere\/\",\"name\":\"Karriere | ANANTARA Holding - Digital, mutig, zukunftsweisend\",\"isPartOf\":{\"@id\":\"https:\/\/anantara.at\/de\/#website\"},\"datePublished\":\"2024-03-20T15:16:36+00:00\",\"dateModified\":\"2026-02-20T09:26:29+00:00\",\"description\":\"Unter dem Dach der ANANTARA Holding GmbH mit Sitz in Wien befinden sich mehrere mittelst\u00e4ndische Unternehmen.\",\"breadcrumb\":{\"@id\":\"https:\/\/anantara.at\/de\/karriere\/#breadcrumb\"},\"inLanguage\":\"de\",\"potentialAction\":[{\"@type\":\"ReadAction\",\"target\":[\"https:\/\/anantara.at\/de\/karriere\/\"]}]},{\"@type\":\"BreadcrumbList\",\"@id\":\"https:\/\/anantara.at\/de\/karriere\/#breadcrumb\",\"itemListElement\":[{\"@type\":\"ListItem\",\"position\":1,\"name\":\"Home\",\"item\":\"https:\/\/anantara.at\/de\/\"},{\"@type\":\"ListItem\",\"position\":2,\"name\":\"Karriere\"}]},{\"@type\":\"WebSite\",\"@id\":\"https:\/\/anantara.at\/de\/#website\",\"url\":\"https:\/\/anantara.at\/de\/\",\"name\":\"ANANTARA Holding\",\"description\":\"\",\"publisher\":{\"@id\":\"https:\/\/anantara.at\/de\/#organization\"},\"potentialAction\":[{\"@type\":\"SearchAction\",\"target\":{\"@type\":\"EntryPoint\",\"urlTemplate\":\"https:\/\/anantara.at\/de\/?s={search_term_string}\"},\"query-input\":{\"@type\":\"PropertyValueSpecification\",\"valueRequired\":true,\"valueName\":\"search_term_string\"}}],\"inLanguage\":\"de\"},{\"@type\":\"Organization\",\"@id\":\"https:\/\/anantara.at\/de\/#organization\",\"name\":\"ANANTARA Holding\",\"url\":\"https:\/\/anantara.at\/de\/\",\"logo\":{\"@type\":\"ImageObject\",\"inLanguage\":\"de\",\"@id\":\"https:\/\/anantara.at\/de\/#\/schema\/logo\/image\/\",\"url\":\"https:\/\/anantara.at\/wp-content\/uploads\/anantara-logo.png\",\"contentUrl\":\"https:\/\/anantara.at\/wp-content\/uploads\/anantara-logo.png\",\"width\":1200,\"height\":450,\"caption\":\"ANANTARA Holding\"},\"image\":{\"@id\":\"https:\/\/anantara.at\/de\/#\/schema\/logo\/image\/\"}}]}<\/script>\n<!-- \/ Yoast SEO plugin. -->","yoast_head_json":{"title":"Karriere | ANANTARA Holding - Digital, mutig, zukunftsweisend","description":"Unter dem Dach der ANANTARA Holding GmbH mit Sitz in Wien befinden sich mehrere mittelst\u00e4ndische Unternehmen.","robots":{"index":"index","follow":"follow","max-snippet":"max-snippet:-1","max-image-preview":"max-image-preview:large","max-video-preview":"max-video-preview:-1"},"canonical":"https:\/\/anantara.at\/de\/karriere\/","og_locale":"de_DE","og_type":"article","og_title":"Karriere | ANANTARA Holding - Digital, mutig, zukunftsweisend","og_description":"Unter dem Dach der ANANTARA Holding GmbH mit Sitz in Wien befinden sich mehrere mittelst\u00e4ndische Unternehmen.","og_url":"https:\/\/anantara.at\/de\/karriere\/","og_site_name":"ANANTARA Holding","article_modified_time":"2026-02-20T09:26:29+00:00","twitter_card":"summary_large_image","twitter_misc":{"Gesch\u00e4tzte Lesezeit":"12\u00a0Minuten"},"schema":{"@context":"https:\/\/schema.org","@graph":[{"@type":"WebPage","@id":"https:\/\/anantara.at\/de\/karriere\/","url":"https:\/\/anantara.at\/de\/karriere\/","name":"Karriere | ANANTARA Holding - Digital, mutig, zukunftsweisend","isPartOf":{"@id":"https:\/\/anantara.at\/de\/#website"},"datePublished":"2024-03-20T15:16:36+00:00","dateModified":"2026-02-20T09:26:29+00:00","description":"Unter dem Dach der ANANTARA Holding GmbH mit Sitz in Wien befinden sich mehrere mittelst\u00e4ndische Unternehmen.","breadcrumb":{"@id":"https:\/\/anantara.at\/de\/karriere\/#breadcrumb"},"inLanguage":"de","potentialAction":[{"@type":"ReadAction","target":["https:\/\/anantara.at\/de\/karriere\/"]}]},{"@type":"BreadcrumbList","@id":"https:\/\/anantara.at\/de\/karriere\/#breadcrumb","itemListElement":[{"@type":"ListItem","position":1,"name":"Home","item":"https:\/\/anantara.at\/de\/"},{"@type":"ListItem","position":2,"name":"Karriere"}]},{"@type":"WebSite","@id":"https:\/\/anantara.at\/de\/#website","url":"https:\/\/anantara.at\/de\/","name":"ANANTARA Holding","description":"","publisher":{"@id":"https:\/\/anantara.at\/de\/#organization"},"potentialAction":[{"@type":"SearchAction","target":{"@type":"EntryPoint","urlTemplate":"https:\/\/anantara.at\/de\/?s={search_term_string}"},"query-input":{"@type":"PropertyValueSpecification","valueRequired":true,"valueName":"search_term_string"}}],"inLanguage":"de"},{"@type":"Organization","@id":"https:\/\/anantara.at\/de\/#organization","name":"ANANTARA Holding","url":"https:\/\/anantara.at\/de\/","logo":{"@type":"ImageObject","inLanguage":"de","@id":"https:\/\/anantara.at\/de\/#\/schema\/logo\/image\/","url":"https:\/\/anantara.at\/wp-content\/uploads\/anantara-logo.png","contentUrl":"https:\/\/anantara.at\/wp-content\/uploads\/anantara-logo.png","width":1200,"height":450,"caption":"ANANTARA Holding"},"image":{"@id":"https:\/\/anantara.at\/de\/#\/schema\/logo\/image\/"}}]}},"_links":{"self":[{"href":"https:\/\/anantara.at\/de\/wp-json\/wp\/v2\/pages\/426","targetHints":{"allow":["GET"]}}],"collection":[{"href":"https:\/\/anantara.at\/de\/wp-json\/wp\/v2\/pages"}],"about":[{"href":"https:\/\/anantara.at\/de\/wp-json\/wp\/v2\/types\/page"}],"author":[{"embeddable":true,"href":"https:\/\/anantara.at\/de\/wp-json\/wp\/v2\/users\/4"}],"replies":[{"embeddable":true,"href":"https:\/\/anantara.at\/de\/wp-json\/wp\/v2\/comments?post=426"}],"version-history":[{"count":15,"href":"https:\/\/anantara.at\/de\/wp-json\/wp\/v2\/pages\/426\/revisions"}],"predecessor-version":[{"id":738,"href":"https:\/\/anantara.at\/de\/wp-json\/wp\/v2\/pages\/426\/revisions\/738"}],"wp:attachment":[{"href":"https:\/\/anantara.at\/de\/wp-json\/wp\/v2\/media?parent=426"}],"curies":[{"name":"wp","href":"https:\/\/api.w.org\/{rel}","templated":true}]}}